{"id":18124,"date":"2020-02-07T11:55:50","date_gmt":"2020-02-07T11:55:50","guid":{"rendered":"https:\/\/jorgezanoni.com.br\/2019\/?page_id=18124"},"modified":"2020-02-07T12:03:33","modified_gmt":"2020-02-07T12:03:33","slug":"dracena-confirma-1a-morte-por-leishmaniose-em-ser-humano-em-2020","status":"publish","type":"page","link":"https:\/\/jorgezanoni.com.br\/2019\/dracena-confirma-1a-morte-por-leishmaniose-em-ser-humano-em-2020\/","title":{"rendered":"Dracena confirma 1\u00aa morte por leishmaniose em ser humano em 2020"},"content":{"rendered":"<h2 class=\"content-head__subtitle\" style=\"text-align: justify;\"><strong>V\u00edtima foi uma mulher de 60 anos que morava no Jardim Jussara. Prefeitura informou que realizar\u00e1 um inqu\u00e9rito canino nas proximidades de onde a idosa residia.<\/strong><\/h2>\n<p><img loading=\"lazy\" decoding=\"async\" class=\"alignnone size-full wp-image-18125\" src=\"https:\/\/jorgezanoni.com.br\/2019\/wp-content\/uploads\/2020\/02\/leishi.jpg\" alt=\"\" width=\"640\" height=\"430\" srcset=\"https:\/\/jorgezanoni.com.br\/2019\/wp-content\/uploads\/2020\/02\/leishi.jpg 640w, https:\/\/jorgezanoni.com.br\/2019\/wp-content\/uploads\/2020\/02\/leishi-300x202.jpg 300w, https:\/\/jorgezanoni.com.br\/2019\/wp-content\/uploads\/2020\/02\/leishi-625x420.jpg 625w\" sizes=\"auto, (max-width: 640px) 100vw, 640px\" \/><\/p>\n<div class=\"row medium-uncollapsed content-media content-photo\" data-block-type=\"backstage-photo\" data-block-id=\"0\">\n<div class=\"mc-column content-media__container\">\n<p class=\"content-media__description \" style=\"text-align: justify;\">Mosquito-palha costuma ser o transmissor do protozo\u00e1rio da leishmaniose em \u00e1reas urbanas \u2014 Foto: James Gathany\/CDC<\/p>\n<\/div>\n<\/div>\n<div class=\"mc-column content-text active-extra-styles \" style=\"text-align: justify;\" data-block-type=\"unstyled\" data-block-weight=\"27\" data-block-id=\"2\">\n<p class=\"content-text__container \" data-track-category=\"Link no Texto\" data-track-links=\"\">A Prefeitura de\u00a0<a href=\"https:\/\/g1.globo.com\/sp\/presidente-prudente-regiao\/cidade\/dracena\/\">Dracena<\/a>, por meio da Secretaria Municipal de Sa\u00fade, confirmou nesta quinta-feira (6) a primeira morte por leishmaniose em ser humano no ano de 2020.<\/p>\n<\/div>\n<div class=\"wall protected-content\">\n<div class=\"mc-column content-text active-extra-styles \" style=\"text-align: justify;\" data-block-type=\"unstyled\" data-block-weight=\"15\" data-block-id=\"3\">\n<p class=\"content-text__container \" data-track-category=\"Link no Texto\" data-track-links=\"\">Segundo a Prefeitura, trata-se de uma mulher de 60 anos, que morava no Jardim Jussara.<\/p>\n<\/div>\n<div class=\"mc-column content-text active-extra-styles \" style=\"text-align: justify;\" data-block-type=\"unstyled\" data-block-weight=\"19\" data-block-id=\"4\">\n<p class=\"content-text__container \" data-track-category=\"Link no Texto\" data-track-links=\"\">Ela estava internada na Santa Casa de Dracena e o corpo foi sepultado nesta quinta-feira (6), no Cemit\u00e9rio Municipal.<\/p>\n<\/div>\n<div class=\"mc-column content-text active-extra-styles \" style=\"text-align: justify;\" data-block-type=\"unstyled\" data-block-weight=\"28\" data-block-id=\"5\">\n<p class=\"content-text__container \" data-track-category=\"Link no Texto\" data-track-links=\"\">Conforme o Poder Executivo, como medida diante do caso, ser\u00e1 feito um inqu\u00e9rito canino em um raio de 100 metros da casa onde a v\u00edtima da doen\u00e7a residia.<\/p>\n<\/div>\n<div class=\"mc-column content-text active-extra-styles \" data-block-type=\"unstyled\" data-block-weight=\"29\" data-block-id=\"6\">\n<p class=\"content-text__container \" style=\"text-align: justify;\" data-track-category=\"Link no Texto\" data-track-links=\"\">Ainda de acordo com a Prefeitura, o inqu\u00e9rito canino n\u00e3o tem data definida para ser realizado, pois, o laborat\u00f3rio do Centro de Controle de Zoonoses (CCZ) est\u00e1 em reforma.<\/p>\n<div class=\"mc-column content-text active-extra-styles\" style=\"text-align: justify;\" data-block-type=\"raw\" data-block-weight=\"1\" data-block-id=\"9\">\n<div class=\"content-intertitle\">\n<h2>Sintomas<\/h2>\n<\/div>\n<\/div>\n<div class=\"mc-column content-text active-extra-styles \" style=\"text-align: justify;\" data-block-type=\"unstyled\" data-block-weight=\"31\" data-block-id=\"10\">\n<p class=\"content-text__container \" data-track-category=\"Link no Texto\" data-track-links=\"\">A leishmaniose visceral \u00e9 uma doen\u00e7a infecciosa sist\u00eamica, caracterizada por febre de longa dura\u00e7\u00e3o, aumento do f\u00edgado e ba\u00e7o, perda de peso, fraqueza, redu\u00e7\u00e3o da for\u00e7a muscular, anemia e outras manifesta\u00e7\u00f5es.<\/p>\n<\/div>\n<div class=\"mc-column content-text active-extra-styles \" style=\"text-align: justify;\" data-block-type=\"unstyled\" data-block-weight=\"19\" data-block-id=\"11\">\n<p class=\"content-text__container \" data-track-category=\"Link no Texto\" data-track-links=\"\">Segundo o Minist\u00e9rio da Sa\u00fade, no ambiente urbano, os c\u00e3es s\u00e3o a principal fonte de infec\u00e7\u00e3o para o vetor.<\/p>\n<\/div>\n<div class=\"mc-column content-text active-extra-styles \" style=\"text-align: justify;\" data-block-type=\"unstyled\" data-block-weight=\"26\" data-block-id=\"12\">\n<p class=\"content-text__container \" data-track-category=\"Link no Texto\" data-track-links=\"\">A transmiss\u00e3o acontece quando f\u00eameas dos mosquitos conhecidos como mosquito-palha picam c\u00e3es ou outros animais infectados e, depois, picam o homem, transmitindo o protozo\u00e1rio Leishmania chagasi.<\/p>\n<\/div>\n<div class=\"mc-column content-text active-extra-styles \" style=\"text-align: justify;\" data-block-type=\"unstyled\" data-block-weight=\"38\" data-block-id=\"13\">\n<p class=\"content-text__container \" data-track-category=\"Link no Texto\" data-track-links=\"\">O tratamento est\u00e1 dispon\u00edvel pelo Sistema \u00danico de Sa\u00fade (SUS). Os medicamentos utilizados atualmente no Brasil n\u00e3o eliminam por completo o parasita nas pessoas e nos c\u00e3es. No entanto, o homem n\u00e3o tem import\u00e2ncia como reservat\u00f3rio da doen\u00e7a.<\/p>\n<\/div>\n<div class=\"mc-column content-text active-extra-styles \" style=\"text-align: justify;\" data-block-type=\"unstyled\" data-block-weight=\"34\" data-block-id=\"14\">\n<p class=\"content-text__container \" data-track-category=\"Link no Texto\" data-track-links=\"\">J\u00e1 nos c\u00e3es, o tratamento resolve os sintomas cl\u00ednicos, mas os animais continuam como fonte de infec\u00e7\u00e3o. Por isso, a eutan\u00e1sia \u00e9 recomendada de forma integrada com os tratamentos recomendados pelo Minist\u00e9rio da Sa\u00fade.<\/p>\n<p data-track-category=\"Link no Texto\" data-track-links=\"\">Fonte: https:\/\/g1.globo.com\/sp\/presidente-prudente-regiao\/noticia\/2020\/02\/06\/dracena-confirma-1a-morte-por-leishmaniose-em-ser-humano-em-2020.ghtml<\/p>\n<\/div>\n<div class=\"row medium-uncollapsed content-media content-photo\" data-block-type=\"backstage-photo\" data-block-id=\"15\">\n<div class=\"mc-column content-media__container\">\n<div class=\"progressive-img can-open-lightbox\" style=\"text-align: justify;\" data-min-size=\"1008x756\" data-min-size-url=\"https:\/\/s2.glbimg.com\/ETBiVhvxsNxnzcleI33gR_rE4y4=\/0x0:620x465\/1008x0\/smart\/filters:strip_icc()\/s.glbimg.com\/jo\/g1\/f\/original\/2016\/11\/30\/1_leish.jpg\" data-max-size=\"1600x1200\" data-max-size-url=\"https:\/\/s2.glbimg.com\/8LcQ7rnKgRWYpAhDfVGCINcHRZ0=\/0x0:620x465\/1600x0\/smart\/filters:strip_icc()\/s.glbimg.com\/jo\/g1\/f\/original\/2016\/11\/30\/1_leish.jpg\" data-media-index=\"1\"><\/div>\n<\/div>\n<\/div>\n<\/div>\n<\/div>\n","protected":false},"excerpt":{"rendered":"<p>V\u00edtima foi uma mulher de 60 anos que morava no Jardim Jussara. Prefeitura informou que realizar\u00e1 um inqu\u00e9rito canino nas proximidades de onde a idosa residia. Mosquito-palha costuma ser o transmissor do protozo\u00e1rio da leishmaniose em \u00e1reas urbanas \u2014 Foto: James Gathany\/CDC A Prefeitura de\u00a0Dracena, por meio da Secretaria Municipal de Sa\u00fade, confirmou nesta quinta-feira [&hellip;]<\/p>\n","protected":false},"author":1,"featured_media":18126,"parent":0,"menu_order":0,"comment_status":"closed","ping_status":"closed","template":"","meta":{"footnotes":""},"class_list":["post-18124","page","type-page","status-publish","has-post-thumbnail","hentry"],"_links":{"self":[{"href":"https:\/\/jorgezanoni.com.br\/2019\/wp-json\/wp\/v2\/pages\/18124","targetHints":{"allow":["GET"]}}],"collection":[{"href":"https:\/\/jorgezanoni.com.br\/2019\/wp-json\/wp\/v2\/pages"}],"about":[{"href":"https:\/\/jorgezanoni.com.br\/2019\/wp-json\/wp\/v2\/types\/page"}],"author":[{"embeddable":true,"href":"https:\/\/jorgezanoni.com.br\/2019\/wp-json\/wp\/v2\/users\/1"}],"replies":[{"embeddable":true,"href":"https:\/\/jorgezanoni.com.br\/2019\/wp-json\/wp\/v2\/comments?post=18124"}],"version-history":[{"count":0,"href":"https:\/\/jorgezanoni.com.br\/2019\/wp-json\/wp\/v2\/pages\/18124\/revisions"}],"wp:featuredmedia":[{"embeddable":true,"href":"https:\/\/jorgezanoni.com.br\/2019\/wp-json\/wp\/v2\/media\/18126"}],"wp:attachment":[{"href":"https:\/\/jorgezanoni.com.br\/2019\/wp-json\/wp\/v2\/media?parent=18124"}],"curies":[{"name":"wp","href":"https:\/\/api.w.org\/{rel}","templated":true}]}}